{"id":10035,"date":"2022-05-06T01:38:46","date_gmt":"2022-05-05T23:38:46","guid":{"rendered":"https:\/\/cimgfrance.fr\/?page_id=10035"},"modified":"2025-11-27T13:44:52","modified_gmt":"2025-11-27T12:44:52","slug":"communiques","status":"publish","type":"page","link":"https:\/\/cimgfrance.fr\/index.php\/communiques\/","title":{"rendered":"Communiqu\u00e9s"},"content":{"rendered":"<article><a href=\"https:\/\/cimgfrance.fr\/index.php\/2021\/05\/07\/assemblee-generale-de-la-cimg-france-renouvellement-du-conseil-dadministration\/\"><br \/>\n<img loading=\"lazy\" src=\"http:\/\/cimgfrance.fr\/wp-content\/uploads\/2022\/05\/cimgPaper-1024x1016-1.jpg\" sizes=\"(max-width: 1024px) 100vw, 1024px\" srcset=\"https:\/\/cimgfrance.fr\/wp-content\/uploads\/2022\/05\/cimgPaper-1024x1016-1.jpg 1024w, https:\/\/cimgfrance.fr\/wp-content\/uploads\/2022\/05\/cimgPaper-1024x1016-1-300x298.jpg 300w, https:\/\/cimgfrance.fr\/wp-content\/uploads\/2022\/05\/cimgPaper-1024x1016-1-150x150.jpg 150w, https:\/\/cimgfrance.fr\/wp-content\/uploads\/2022\/05\/cimgPaper-1024x1016-1-768x762.jpg 768w, https:\/\/cimgfrance.fr\/wp-content\/uploads\/2022\/05\/cimgPaper-1024x1016-1-600x595.jpg 600w, https:\/\/cimgfrance.fr\/wp-content\/uploads\/2022\/05\/cimgPaper-1024x1016-1-100x100.jpg 100w\" alt=\"\" width=\"1024\" height=\"1016\" \/> <\/a><br \/>\n<a href=\"https:\/\/cimgfrance.fr\/index.php\/2021\/05\/\"><br \/>\n7 Mai <\/a><br \/>\n<a href=\"https:\/\/cimgfrance.fr\/index.php\/category\/communiques\/\" rel=\"category tag\">Communiqu\u00e9s<\/a><\/p>\n<h5><a href=\"https:\/\/cimgfrance.fr\/index.php\/2021\/05\/07\/assemblee-generale-de-la-cimg-france-renouvellement-du-conseil-dadministration\/\"><br \/>\nAssembl\u00e9e G\u00e9n\u00e9rale de la CIMG France : Renouvellement du Conseil d\u2019Administration <\/a><\/h5>\n<p>La CIMG France a r\u00e9uni son assembl\u00e9e g\u00e9n\u00e9rale par visioconf\u00e9rence ce dimanche 29 novembre 2020 avec la participation des dirigeants r\u00e9gionaux et de l\u2019ensemble des pr\u00e9siden<\/p>\n<p><a href=\"https:\/\/cimgfrance.fr\/index.php\/2021\/05\/07\/assemblee-generale-de-la-cimg-france-renouvellement-du-conseil-dadministration\/\" target=\"_self\" rel=\"noopener\"> Lire la suite <\/a><\/p>\n<\/article>\n<article><a href=\"https:\/\/cimgfrance.fr\/index.php\/2021\/04\/09\/reponse-de-fatih-sarikir-president-de-cimg-france-a-la-tribune-de-frederic-burnier-framboret-maire-dalbertville\/\"><br \/>\n<img loading=\"lazy\" src=\"http:\/\/cimgfrance.fr\/wp-content\/uploads\/2022\/05\/newspapers-444447_1920-2.jpg\" sizes=\"(max-width: 1920px) 100vw, 1920px\" srcset=\"https:\/\/cimgfrance.fr\/wp-content\/uploads\/2022\/05\/newspapers-444447_1920-2.jpg 1920w, https:\/\/cimgfrance.fr\/wp-content\/uploads\/2022\/05\/newspapers-444447_1920-2-300x154.jpg 300w, https:\/\/cimgfrance.fr\/wp-content\/uploads\/2022\/05\/newspapers-444447_1920-2-1024x527.jpg 1024w, https:\/\/cimgfrance.fr\/wp-content\/uploads\/2022\/05\/newspapers-444447_1920-2-768x395.jpg 768w, https:\/\/cimgfrance.fr\/wp-content\/uploads\/2022\/05\/newspapers-444447_1920-2-1536x790.jpg 1536w, https:\/\/cimgfrance.fr\/wp-content\/uploads\/2022\/05\/newspapers-444447_1920-2-600x309.jpg 600w\" alt=\"\" width=\"1920\" height=\"988\" \/> <\/a><br \/>\n<a href=\"https:\/\/cimgfrance.fr\/index.php\/2021\/04\/\"><br \/>\n9 Avr <\/a><br \/>\n<a href=\"https:\/\/cimgfrance.fr\/index.php\/category\/communiques\/\" rel=\"category tag\">Communiqu\u00e9s<\/a><\/p>\n<\/article>\n<article><a href=\"https:\/\/cimgfrance.fr\/index.php\/2021\/03\/26\/construction-de-la-grande-mosquee-de-strasbourg\/\"><br \/>\n<img loading=\"lazy\" src=\"http:\/\/cimgfrance.fr\/wp-content\/uploads\/2022\/05\/Ayyub-sultan.jpg\" sizes=\"(max-width: 736px) 100vw, 736px\" srcset=\"https:\/\/cimgfrance.fr\/wp-content\/uploads\/2022\/05\/Ayyub-sultan.jpg 736w, https:\/\/cimgfrance.fr\/wp-content\/uploads\/2022\/05\/Ayyub-sultan-300x201.jpg 300w, https:\/\/cimgfrance.fr\/wp-content\/uploads\/2022\/05\/Ayyub-sultan-600x401.jpg 600w\" alt=\"\" width=\"736\" height=\"492\" \/> <\/a><br \/>\n<a href=\"https:\/\/cimgfrance.fr\/index.php\/2021\/03\/\"><br \/>\n26 Mar <\/a><br \/>\n<a href=\"https:\/\/cimgfrance.fr\/index.php\/category\/communiques\/\" rel=\"category tag\">Communiqu\u00e9s<\/a><\/p>\n<h5><a href=\"https:\/\/cimgfrance.fr\/index.php\/2021\/03\/26\/construction-de-la-grande-mosquee-de-strasbourg\/\"><br \/>\nConstruction de la Grande Mosqu\u00e9e de Strasbourg <\/a><\/h5>\n<p>Communiqu\u00e9 de presseConstruction de la Grande Mosqu\u00e9e de Strasbourg Paris, le 26 mars 2021 Le 24 mars 2021, la pr\u00e9f\u00e8te de la r\u00e9gion Grand-Est, pr\u00e9f\u00e8te du Bas-Rhin, a r\u00e9agit<\/p>\n<p><a href=\"https:\/\/cimgfrance.fr\/index.php\/2021\/03\/26\/construction-de-la-grande-mosquee-de-strasbourg\/\" target=\"_self\" rel=\"noopener\"> Lire la suite <\/a><\/p>\n<\/article>\n<article><a href=\"https:\/\/cimgfrance.fr\/index.php\/2021\/03\/04\/assemblee-generale-de-cimg-annecy\/\"><br \/>\n<img loading=\"lazy\" src=\"http:\/\/cimgfrance.fr\/wp-content\/uploads\/2022\/05\/WhatsApp-Image-2021-02-08-at-14-3.jpg\" sizes=\"(max-width: 1154px) 100vw, 1154px\" srcset=\"https:\/\/cimgfrance.fr\/wp-content\/uploads\/2022\/05\/WhatsApp-Image-2021-02-08-at-14-3.jpg 1154w, https:\/\/cimgfrance.fr\/wp-content\/uploads\/2022\/05\/WhatsApp-Image-2021-02-08-at-14-3-300x181.jpg 300w, https:\/\/cimgfrance.fr\/wp-content\/uploads\/2022\/05\/WhatsApp-Image-2021-02-08-at-14-3-1024x618.jpg 1024w, https:\/\/cimgfrance.fr\/wp-content\/uploads\/2022\/05\/WhatsApp-Image-2021-02-08-at-14-3-768x463.jpg 768w, https:\/\/cimgfrance.fr\/wp-content\/uploads\/2022\/05\/WhatsApp-Image-2021-02-08-at-14-3-600x362.jpg 600w\" alt=\"\" width=\"1154\" height=\"696\" \/> <\/a><br \/>\n<a href=\"https:\/\/cimgfrance.fr\/index.php\/2021\/03\/\"><br \/>\n4 Mar <\/a><br \/>\n<a href=\"https:\/\/cimgfrance.fr\/index.php\/category\/actualites\/\" rel=\"category tag\">Actualit\u00e9s<\/a><a href=\"https:\/\/cimgfrance.fr\/index.php\/category\/communiques\/\" rel=\"category tag\">Communiqu\u00e9s<\/a><\/p>\n<h5><a href=\"https:\/\/cimgfrance.fr\/index.php\/2021\/03\/04\/assemblee-generale-de-cimg-annecy\/\"><br \/>\nAssembl\u00e9e G\u00e9n\u00e9rale de CIMG ANNECY <\/a><\/h5>\n<p>Nous avons effectu\u00e9 l\u2019Assembl\u00e9e G\u00e9n\u00e9rale de CIMG ANNECY sous la pr\u00e9sidence du Pr\u00e9sident r\u00e9gional Monsieur Yusuf Cakir et avec la participation de son \u00e9quipe.\u00a0Apr\u00e8s<\/p>\n<p><a href=\"https:\/\/cimgfrance.fr\/index.php\/2021\/03\/04\/assemblee-generale-de-cimg-annecy\/\" target=\"_self\" rel=\"noopener\"> Lire la suite <\/a><\/p>\n<\/article>\n<article><a href=\"https:\/\/cimgfrance.fr\/index.php\/2021\/03\/03\/assemblee-generale-de-cimg-chambery\/\"><br \/>\n<img loading=\"lazy\" src=\"http:\/\/cimgfrance.fr\/wp-content\/uploads\/2022\/05\/WhatsApp-Image-2021-02-28-at-16.jpg\" sizes=\"(max-width: 1332px) 100vw, 1332px\" srcset=\"https:\/\/cimgfrance.fr\/wp-content\/uploads\/2022\/05\/WhatsApp-Image-2021-02-28-at-16.jpg 1332w, https:\/\/cimgfrance.fr\/wp-content\/uploads\/2022\/05\/WhatsApp-Image-2021-02-28-at-16-300x151.jpg 300w, https:\/\/cimgfrance.fr\/wp-content\/uploads\/2022\/05\/WhatsApp-Image-2021-02-28-at-16-1024x515.jpg 1024w, https:\/\/cimgfrance.fr\/wp-content\/uploads\/2022\/05\/WhatsApp-Image-2021-02-28-at-16-768x386.jpg 768w, https:\/\/cimgfrance.fr\/wp-content\/uploads\/2022\/05\/WhatsApp-Image-2021-02-28-at-16-600x302.jpg 600w\" alt=\"\" width=\"1332\" height=\"670\" \/> <\/a><br \/>\n<a href=\"https:\/\/cimgfrance.fr\/index.php\/2021\/03\/\"><br \/>\n3 Mar <\/a><br \/>\n<a href=\"https:\/\/cimgfrance.fr\/index.php\/category\/actualites\/\" rel=\"category tag\">Actualit\u00e9s<\/a><a href=\"https:\/\/cimgfrance.fr\/index.php\/category\/communiques\/\" rel=\"category tag\">Communiqu\u00e9s<\/a><\/p>\n<h5><a href=\"https:\/\/cimgfrance.fr\/index.php\/2021\/03\/03\/assemblee-generale-de-cimg-chambery\/\"><br \/>\nAssembl\u00e9e G\u00e9n\u00e9rale de CIMG CHAMBERY <\/a><\/h5>\n<p>Le 28 f\u00e9vrier 2021, notre association CIMG CHAMBERY a organis\u00e9 son assembl\u00e9e g\u00e9n\u00e9rale sous la pr\u00e9sidence de notre pr\u00e9sident r\u00e9gional Monsieur Yusuf CAKIR. Le pr\u00e9sident act<\/p>\n<p><a href=\"https:\/\/cimgfrance.fr\/index.php\/2021\/03\/03\/assemblee-generale-de-cimg-chambery\/\" target=\"_self\" rel=\"noopener\"> Lire la suite <\/a><\/p>\n<\/article>\n<article><a href=\"https:\/\/cimgfrance.fr\/index.php\/2021\/02\/19\/communique-du-ccmtf-cimg-france-foi-et-pratique-nos-observations-sur-la-charte-des-principes-de-lislam-de-france\/\"><br \/>\n<img loading=\"lazy\" src=\"http:\/\/cimgfrance.fr\/wp-content\/uploads\/2022\/05\/newspapers-3488857_1920.jpg\" sizes=\"(max-width: 1920px) 100vw, 1920px\" srcset=\"https:\/\/cimgfrance.fr\/wp-content\/uploads\/2022\/05\/newspapers-3488857_1920.jpg 1920w, https:\/\/cimgfrance.fr\/wp-content\/uploads\/2022\/05\/newspapers-3488857_1920-300x196.jpg 300w, https:\/\/cimgfrance.fr\/wp-content\/uploads\/2022\/05\/newspapers-3488857_1920-1024x669.jpg 1024w, https:\/\/cimgfrance.fr\/wp-content\/uploads\/2022\/05\/newspapers-3488857_1920-768x502.jpg 768w, https:\/\/cimgfrance.fr\/wp-content\/uploads\/2022\/05\/newspapers-3488857_1920-1536x1004.jpg 1536w, https:\/\/cimgfrance.fr\/wp-content\/uploads\/2022\/05\/newspapers-3488857_1920-600x392.jpg 600w\" alt=\"\" width=\"1920\" height=\"1255\" \/> <\/a><br \/>\n<a href=\"https:\/\/cimgfrance.fr\/index.php\/2021\/02\/\"><br \/>\n19 F\u00e9v <\/a><br \/>\n<a href=\"https:\/\/cimgfrance.fr\/index.php\/category\/communiques\/\" rel=\"category tag\">Communiqu\u00e9s<\/a><\/p>\n<h5><a href=\"https:\/\/cimgfrance.fr\/index.php\/2021\/02\/19\/communique-du-ccmtf-cimg-france-foi-et-pratique-nos-observations-sur-la-charte-des-principes-de-lislam-de-france\/\"><br \/>\nCommuniqu\u00e9 du CCMTF, CIMG France, Foi et Pratique : Nos observations sur la \u00ab Charte des principes de l\u2019Islam de France \u00bb <\/a><\/h5>\n<p>Nos observations sur la \u00ab Charte des principes de l\u2019Islam de France \u00bb Paris, le 01\/02\/2021 Nous, CCMTF, CIMG France et Foi et Pratique, restons convaincus que la mise en place<\/p>\n<p><a href=\"https:\/\/cimgfrance.fr\/index.php\/2021\/02\/19\/communique-du-ccmtf-cimg-france-foi-et-pratique-nos-observations-sur-la-charte-des-principes-de-lislam-de-france\/\" target=\"_self\" rel=\"noopener\"> Lire la suite <\/a><\/p>\n<\/article>\n<article><a href=\"https:\/\/cimgfrance.fr\/index.php\/2021\/02\/16\/communique-unitaire-ccmtf-cimg-fp-mf-rmf-umf\/\"><br \/>\n<img loading=\"lazy\" src=\"http:\/\/cimgfrance.fr\/wp-content\/uploads\/2022\/05\/ThinkstockPhotos-164006686-e1609436315756.jpg\" sizes=\"(max-width: 1524px) 100vw, 1524px\" srcset=\"https:\/\/cimgfrance.fr\/wp-content\/uploads\/2022\/05\/ThinkstockPhotos-164006686-e1609436315756.jpg 1524w, https:\/\/cimgfrance.fr\/wp-content\/uploads\/2022\/05\/ThinkstockPhotos-164006686-e1609436315756-300x200.jpg 300w, https:\/\/cimgfrance.fr\/wp-content\/uploads\/2022\/05\/ThinkstockPhotos-164006686-e1609436315756-1024x683.jpg 1024w, https:\/\/cimgfrance.fr\/wp-content\/uploads\/2022\/05\/ThinkstockPhotos-164006686-e1609436315756-768x512.jpg 768w, https:\/\/cimgfrance.fr\/wp-content\/uploads\/2022\/05\/ThinkstockPhotos-164006686-e1609436315756-600x400.jpg 600w\" alt=\"\" width=\"1524\" height=\"1016\" \/> <\/a><br \/>\n<a href=\"https:\/\/cimgfrance.fr\/index.php\/2021\/02\/\"><br \/>\n16 F\u00e9v <\/a><br \/>\n<a href=\"https:\/\/cimgfrance.fr\/index.php\/category\/communiques\/\" rel=\"category tag\">Communiqu\u00e9s<\/a><\/p>\n<h5><a href=\"https:\/\/cimgfrance.fr\/index.php\/2021\/02\/16\/communique-unitaire-ccmtf-cimg-fp-mf-rmf-umf\/\"><br \/>\nCommuniqu\u00e9 unitaire (CCMTF, CIMG, FP, MF, RMF, UMF) <\/a><\/h5>\n<p>Nous, repr\u00e9sentants des six f\u00e9d\u00e9rations (CCMTF, CIMG, FP, MF, RMF, UMF) membres du CFCM, r\u00e9unies le 30 d\u00e9cembre 2020, pour faire le point sur le projet de cr\u00e9ation du Conseil<\/p>\n<p><a href=\"https:\/\/cimgfrance.fr\/index.php\/2021\/02\/16\/communique-unitaire-ccmtf-cimg-fp-mf-rmf-umf\/\" target=\"_self\" rel=\"noopener\"> Lire la suite <\/a><\/p>\n<\/article>\n<article><a href=\"https:\/\/cimgfrance.fr\/index.php\/2021\/02\/07\/communique-du-ccmtf-cimg-france-foi-et-pratique-2\/\"><br \/>\n<img loading=\"lazy\" src=\"http:\/\/cimgfrance.fr\/wp-content\/uploads\/2022\/05\/newspapers-444447_1920-2.jpg\" sizes=\"(max-width: 1920px) 100vw, 1920px\" srcset=\"https:\/\/cimgfrance.fr\/wp-content\/uploads\/2022\/05\/newspapers-444447_1920-2.jpg 1920w, https:\/\/cimgfrance.fr\/wp-content\/uploads\/2022\/05\/newspapers-444447_1920-2-300x154.jpg 300w, https:\/\/cimgfrance.fr\/wp-content\/uploads\/2022\/05\/newspapers-444447_1920-2-1024x527.jpg 1024w, https:\/\/cimgfrance.fr\/wp-content\/uploads\/2022\/05\/newspapers-444447_1920-2-768x395.jpg 768w, https:\/\/cimgfrance.fr\/wp-content\/uploads\/2022\/05\/newspapers-444447_1920-2-1536x790.jpg 1536w, https:\/\/cimgfrance.fr\/wp-content\/uploads\/2022\/05\/newspapers-444447_1920-2-600x309.jpg 600w\" alt=\"\" width=\"1920\" height=\"988\" \/> <\/a><br \/>\n<a href=\"https:\/\/cimgfrance.fr\/index.php\/2021\/02\/\"><br \/>\n7 F\u00e9v <\/a><br \/>\n<a href=\"https:\/\/cimgfrance.fr\/index.php\/category\/communiques\/\" rel=\"category tag\">Communiqu\u00e9s<\/a><\/p>\n<h5><a href=\"https:\/\/cimgfrance.fr\/index.php\/2021\/02\/07\/communique-du-ccmtf-cimg-france-foi-et-pratique-2\/\"><br \/>\nCommuniqu\u00e9 du CCMTF, CIMG France, Foi et Pratique <\/a><\/h5>\n<p>Oui \u00e0 la Charte des principes du Conseil National des Imams Nous, CCMTF, CIMG et Foi &amp; Pratique, rappelons qu\u2019en tant que f\u00e9d\u00e9rations composantes du CFCM qui n\u2019ont pas s<\/p>\n<p><a href=\"https:\/\/cimgfrance.fr\/index.php\/2021\/02\/07\/communique-du-ccmtf-cimg-france-foi-et-pratique-2\/\" target=\"_self\" rel=\"noopener\"> Lire la suite <\/a><\/p>\n<\/article>\n<article><a href=\"https:\/\/cimgfrance.fr\/index.php\/2021\/02\/04\/communique-du-ccmtf-cimg-france-foi-et-pratique\/\"><br \/>\n<img loading=\"lazy\" src=\"http:\/\/cimgfrance.fr\/wp-content\/uploads\/2022\/05\/ThinkstockPhotos-164006686-e1609436315756.jpg\" sizes=\"(max-width: 1524px) 100vw, 1524px\" srcset=\"https:\/\/cimgfrance.fr\/wp-content\/uploads\/2022\/05\/ThinkstockPhotos-164006686-e1609436315756.jpg 1524w, https:\/\/cimgfrance.fr\/wp-content\/uploads\/2022\/05\/ThinkstockPhotos-164006686-e1609436315756-300x200.jpg 300w, https:\/\/cimgfrance.fr\/wp-content\/uploads\/2022\/05\/ThinkstockPhotos-164006686-e1609436315756-1024x683.jpg 1024w, https:\/\/cimgfrance.fr\/wp-content\/uploads\/2022\/05\/ThinkstockPhotos-164006686-e1609436315756-768x512.jpg 768w, https:\/\/cimgfrance.fr\/wp-content\/uploads\/2022\/05\/ThinkstockPhotos-164006686-e1609436315756-600x400.jpg 600w\" alt=\"\" width=\"1524\" height=\"1016\" \/> <\/a><br \/>\n<a href=\"https:\/\/cimgfrance.fr\/index.php\/2021\/02\/\"><br \/>\n4 F\u00e9v <\/a><br \/>\n<a href=\"https:\/\/cimgfrance.fr\/index.php\/category\/communiques\/\" rel=\"category tag\">Communiqu\u00e9s<\/a><\/p>\n<h5><a href=\"https:\/\/cimgfrance.fr\/index.php\/2021\/02\/04\/communique-du-ccmtf-cimg-france-foi-et-pratique\/\"><br \/>\nCommuniqu\u00e9 du CCMTF, CIMG France, Foi et Pratique <\/a><\/h5>\n<p>Nous, les f\u00e9d\u00e9rations CCMTF, CIMG France et Foi &amp; Pratique, avons pris connaissance du communiqu\u00e9 en date du 17 f\u00e9vrier 2021, publi\u00e9 par les cinq f\u00e9d\u00e9rations signataires<\/p>\n<p><a href=\"https:\/\/cimgfrance.fr\/index.php\/2021\/02\/04\/communique-du-ccmtf-cimg-france-foi-et-pratique\/\" target=\"_self\" rel=\"noopener\"> Lire la suite <\/a><\/p>\n<\/article>\n<nav role=\"navigation\" aria-label=\"Articles\">\n<h2>Navigation d\u2019articles<\/h2>\n<p>1<br \/>\n<a href=\"https:\/\/cimgfrance.fr\/wp-admin\/admin-ajax.php\/index.php\/page\/2\/\">2<\/a><br \/>\n<a href=\"https:\/\/cimgfrance.fr\/wp-admin\/admin-ajax.php\/index.php\/page\/3\/\">3<\/a><\/p>\n<\/nav>\n","protected":false},"excerpt":{"rendered":"<p>7 Mai Communiqu\u00e9s Assembl\u00e9e G\u00e9n\u00e9rale de la CIMG France : Renouvellement du Conseil d\u2019Administration La CIMG France a r\u00e9uni son assembl\u00e9e g\u00e9n\u00e9rale par visioconf\u00e9rence ce dimanche 29 novembre 2020 avec la participation des dirigeants r\u00e9gionaux et de l\u2019ensemble des pr\u00e9siden Lire la suite 9 Avr Communiqu\u00e9s 26 Mar Communiqu\u00e9s Construction de la Grande Mosqu\u00e9e de [&hellip;]<\/p>\n","protected":false},"author":1,"featured_media":0,"parent":0,"menu_order":0,"comment_status":"closed","ping_status":"closed","template":"page-full-width.php","meta":[],"_links":{"self":[{"href":"https:\/\/cimgfrance.fr\/index.php\/wp-json\/wp\/v2\/pages\/10035"}],"collection":[{"href":"https:\/\/cimgfrance.fr\/index.php\/wp-json\/wp\/v2\/pages"}],"about":[{"href":"https:\/\/cimgfrance.fr\/index.php\/wp-json\/wp\/v2\/types\/page"}],"author":[{"embeddable":true,"href":"https:\/\/cimgfrance.fr\/index.php\/wp-json\/wp\/v2\/users\/1"}],"replies":[{"embeddable":true,"href":"https:\/\/cimgfrance.fr\/index.php\/wp-json\/wp\/v2\/comments?post=10035"}],"version-history":[{"count":19,"href":"https:\/\/cimgfrance.fr\/index.php\/wp-json\/wp\/v2\/pages\/10035\/revisions"}],"predecessor-version":[{"id":10577,"href":"https:\/\/cimgfrance.fr\/index.php\/wp-json\/wp\/v2\/pages\/10035\/revisions\/10577"}],"wp:attachment":[{"href":"https:\/\/cimgfrance.fr\/index.php\/wp-json\/wp\/v2\/media?parent=10035"}],"curies":[{"name":"wp","href":"https:\/\/api.w.org\/{rel}","templated":true}]}}